{"id":490,"date":"2024-04-24T11:45:00","date_gmt":"2024-04-24T09:45:00","guid":{"rendered":"http:\/\/buero-pradel.de\/wordpress\/?page_id=490"},"modified":"2024-04-24T11:57:44","modified_gmt":"2024-04-24T09:57:44","slug":"5-stadtvilla-berlin-dahlem","status":"publish","type":"page","link":"https:\/\/buero-pradel.de\/?page_id=490","title":{"rendered":"05 Stadtvilla Berlin-Dahlem"},"content":{"rendered":"<div id=\"pl-490\"  class=\"panel-layout\" ><div id=\"pg-490-0\"  class=\"panel-grid panel-no-style\" ><div id=\"pgc-490-0-0\"  class=\"panel-grid-cell\" ><div id=\"panel-490-0-0-0\" class=\"so-panel widget widget_sow-image panel-first-child panel-last-child\" data-index=\"0\" ><div\n\t\t\t\n\t\t\tclass=\"so-widget-sow-image so-widget-sow-image-default-8b5b6f678277-490\"\n\t\t\t\n\t\t>\n<div class=\"sow-image-container\">\n\t\t<img \n\tsrc=\"https:\/\/buero-pradel.de\/wp-content\/uploads\/2024\/04\/05-Stadtvilla_upscale.jpg\" width=\"2000\" height=\"1124\" srcset=\"https:\/\/buero-pradel.de\/wp-content\/uploads\/2024\/04\/05-Stadtvilla_upscale.jpg 2000w, https:\/\/buero-pradel.de\/wp-content\/uploads\/2024\/04\/05-Stadtvilla_upscale-300x169.jpg 300w, https:\/\/buero-pradel.de\/wp-content\/uploads\/2024\/04\/05-Stadtvilla_upscale-1024x575.jpg 1024w, https:\/\/buero-pradel.de\/wp-content\/uploads\/2024\/04\/05-Stadtvilla_upscale-768x432.jpg 768w, https:\/\/buero-pradel.de\/wp-content\/uploads\/2024\/04\/05-Stadtvilla_upscale-1536x863.jpg 1536w\" sizes=\"(max-width: 2000px) 100vw, 2000px\" title=\"05 Stadtvilla_upscale\" alt=\"\" \t\tclass=\"so-widget-image\"\/>\n\t<\/div>\n\n<\/div><\/div><\/div><div id=\"pgc-490-0-1\"  class=\"panel-grid-cell\" ><div id=\"panel-490-0-1-0\" class=\"so-panel widget widget_sow-editor panel-first-child panel-last-child\" data-index=\"1\" ><div\n\t\t\t\n\t\t\tclass=\"so-widget-sow-editor so-widget-sow-editor-base\"\n\t\t\t\n\t\t>\n<div class=\"siteorigin-widget-tinymce textwidget\">\n\t\n<table id=\"tablepress-5\" class=\"tablepress tablepress-id-5 table_buero_pradel\">\n<tbody>\n<tr class=\"row-1\">\n\t<td class=\"column-1\"><strong>STADTVILLA<\/td><td class=\"column-2\"><strong><\/td>\n<\/tr>\n<tr class=\"row-2\">\n\t<td class=\"column-1\">Baujahr<\/td><td class=\"column-2\">1914-1918 Villa Huth (denkmalgesch\u00fctzt)<\/td>\n<\/tr>\n<tr class=\"row-3\">\n\t<td class=\"column-1\">Architekt<\/td><td class=\"column-2\">Heinrich Straumer<\/td>\n<\/tr>\n<tr class=\"row-4\">\n\t<td class=\"column-1\">Stadtteil<\/td><td class=\"column-2\">Berlin-Dahlem<\/td>\n<\/tr>\n<tr class=\"row-5\">\n\t<td class=\"column-1\">Eigent\u00fcmer<\/td><td class=\"column-2\">privat<\/td>\n<\/tr>\n<tr class=\"row-6\">\n\t<td class=\"column-1\">Nutzung<\/td><td class=\"column-2\">(vormals Verwalungsgeb\u00e4ude)<br \/>\nVilla mit repr\u00e4sentativen Empfangs- und Wohnr\u00e4umen<\/td>\n<\/tr>\n<tr class=\"row-7\">\n\t<td class=\"column-1\">Leistung<\/td><td class=\"column-2\">Entwurfs- und Objektplanung, Bauleitung 2010-2012<br \/>\nBestandsaufma\u00df des Objektes in Grundriss,  Schnitt und Ansichten; Machbarkeitsstudien zur Entwurfsplanung; Bauaufsichtliche und Denkmalrechtliche Genehmigung; Ausf\u00fchrungsplanung, Ausschreibung mit Vergabeempfehlung; Bauleitung und Baubetreuung<\/td>\n<\/tr>\n<\/tbody>\n<\/table>\n<!-- #tablepress-5 from cache -->\n<\/div>\n<\/div><\/div><\/div><\/div><div id=\"pg-490-1\"  class=\"panel-grid panel-no-style\" ><div id=\"pgc-490-1-0\"  class=\"panel-grid-cell\" ><div id=\"panel-490-1-0-0\" class=\"so-panel widget widget_ngg-images ngg_images panel-first-child panel-last-child\" data-index=\"2\"><div class=\"hslice\" id=\"ngg-webslice\"><h3 class=\"entry-title widget-title\">&nbsp;<\/h3><div class=\"ngg-widget entry-content\">\n\t\t\t<a href=\"https:\/\/buero-pradel.de\/wp-content\/gallery\/05\/05b-Stadtvilla-scaled.jpg\"\n\t\t\ttitle=\" \"\n\t\t\tdata-image-id='27'\n\t\t\t\t\t\t\t\t\t\t\t\t\t\t\tclass=\"ngg-simplelightbox\" rel=\"bd7cfedb843a75d6c374cc034e9827b1\"\t\t\t><img title=\"05b-Stadtvilla-scaled\"\n\t\t\t\talt=\"05b-Stadtvilla-scaled\"\n\t\t\t\tsrc=\"https:\/\/buero-pradel.de\/wp-content\/gallery\/05\/thumbs\/thumbs-05b-Stadtvilla-scaled.jpg\"\n\t\t\t\twidth=\"300\"\n\t\t\t\theight=\"225\"\n\t\t\t\/><\/a>\n\t\t\t<a href=\"https:\/\/buero-pradel.de\/wp-content\/gallery\/05\/05a-Stadtvilla-alt-scaled.jpg\"\n\t\t\ttitle=\" \"\n\t\t\tdata-image-id='26'\n\t\t\t\t\t\t\t\t\t\t\t\t\t\t\tclass=\"ngg-simplelightbox\" rel=\"bd7cfedb843a75d6c374cc034e9827b1\"\t\t\t><img title=\"05a-Stadtvilla-alt-scaled\"\n\t\t\t\talt=\"05a-Stadtvilla-alt-scaled\"\n\t\t\t\tsrc=\"https:\/\/buero-pradel.de\/wp-content\/gallery\/05\/thumbs\/thumbs-05a-Stadtvilla-alt-scaled.jpg\"\n\t\t\t\twidth=\"300\"\n\t\t\t\theight=\"225\"\n\t\t\t\/><\/a>\n\t<\/div>\n\n<\/div><\/div><\/div><\/div><\/div>","protected":false},"excerpt":{"rendered":"<p>STADTVILLA Baujahr1914-1918 Villa Huth (denkmalgesch\u00fctzt) ArchitektHeinrich Straumer StadtteilBerlin-Dahlem Eigent\u00fcmerprivat Nutzung(vormals Verwalungsgeb\u00e4ude) Villa mit repr\u00e4sentativen Empfangs- und Wohnr\u00e4umen LeistungEntwurfs- und Objektplanung, Bauleitung 2010-2012 Bestandsaufma\u00df des Objektes in Grundriss, Schnitt und Ansichten; Machbarkeitsstudien zur Entwurfsplanung; Bauaufsichtliche und Denkmalrechtliche Genehmigung; Ausf\u00fchrungsplanung, Ausschreibung mit Vergabeempfehlung; Bauleitung und Baubetreuung &nbsp;<\/p>\n","protected":false},"author":1,"featured_media":0,"parent":0,"menu_order":0,"comment_status":"closed","ping_status":"closed","template":"templates\/template-full.php","meta":{"ngg_post_thumbnail":0,"footnotes":""},"class_list":["post-490","page","type-page","status-publish","hentry","post"],"_links":{"self":[{"href":"https:\/\/buero-pradel.de\/index.php?rest_route=\/wp\/v2\/pages\/490","targetHints":{"allow":["GET"]}}],"collection":[{"href":"https:\/\/buero-pradel.de\/index.php?rest_route=\/wp\/v2\/pages"}],"about":[{"href":"https:\/\/buero-pradel.de\/index.php?rest_route=\/wp\/v2\/types\/page"}],"author":[{"embeddable":true,"href":"https:\/\/buero-pradel.de\/index.php?rest_route=\/wp\/v2\/users\/1"}],"replies":[{"embeddable":true,"href":"https:\/\/buero-pradel.de\/index.php?rest_route=%2Fwp%2Fv2%2Fcomments&post=490"}],"version-history":[{"count":3,"href":"https:\/\/buero-pradel.de\/index.php?rest_route=\/wp\/v2\/pages\/490\/revisions"}],"predecessor-version":[{"id":515,"href":"https:\/\/buero-pradel.de\/index.php?rest_route=\/wp\/v2\/pages\/490\/revisions\/515"}],"wp:attachment":[{"href":"https:\/\/buero-pradel.de\/index.php?rest_route=%2Fwp%2Fv2%2Fmedia&parent=490"}],"curies":[{"name":"wp","href":"https:\/\/api.w.org\/{rel}","templated":true}]}}